{"id":26,"date":"2014-06-05T21:14:40","date_gmt":"2014-06-05T19:14:40","guid":{"rendered":"http:\/\/norsknum.org\/ny\/?page_id=26"},"modified":"2014-11-12T21:06:32","modified_gmt":"2014-11-12T20:06:32","slug":"meddelelser","status":"publish","type":"page","link":"https:\/\/www.norsknum.org\/?page_id=26","title":{"rendered":"Meddelelser"},"content":{"rendered":"\n<!-- NOTE: If you need to make changes to this file, copy it to your current theme's main\n\tdirectory so your changes won't be overwritten when the plugin is upgraded. -->\n\n<!-- Post Wrap Start-->\n<div class=\"post hentry ivycat-post\">\n\t\n\t<!-- \tThis outputs the post TITLE -->\n\t<h2 class=\"entry-title\"><a href=\"https:\/\/www.norsknum.org\/?p=2818\">Julem\u00f8tet den 10. desember er avlyst!<\/a><\/h2>\n\n\t<!-- \tThis outputs the post EXCERPT.  To display full content including images and html, \n\t\treplace the_excerpt(); with the_content();  below. -->\n\t<div class=\"entry-summary\">\n\t\t\n<p>P\u00e5 grunn av myndighetenes nasjonale r\u00e5d om \u00e5 begrense antallet personer som kan m\u00f8tes i private hjem, har vi m\u00e5ttet avlyse \u00e5rets julem\u00f8te hos Live og Christian. Det er leit, men vi m\u00e5 komme sterkere tilbake n\u00e5r tidene tillater det igjen!<\/p>\n<div class='sfsi_Sicons' style='width: 100%; display: inline-block; vertical-align: middle; text-align:left'><div style='margin:0px 8px 0px 0px; line-height: 24px'><span>F\u00f8lg og lik! =)<\/span><\/div><div class='sfsi_socialwpr'><div class='sf_subscrbe' style='text-align:left;vertical-align: middle;float:left;width:64px'><a href=\"http:\/\/www.specificfeeds.com\/widgets\/emailSubscribeEncFeed\/bzdLMEVQczltUDF5SThnYlJHcG9jRktNMFpMTjRGN1Z0bC92QTRKc25OSHVyNnpuV29SdXVKeitQbEx4WVAyYUFvam1MTm1naHlGc28rSDd3ajBPNk1Xc2RkVVZmWVNQdVlsQTU2ZThWa3pxRTNMbGxRd0tCenA1ZTZEaW1XNlZ8VU1TSXBhcURwV2RaeGxqSjZmOStHcHVSNXVpbVMrUnRnZTdDZjBoWTYvYz0=\/OA==\/\" target=\"_blank\"><img src=\"https:\/\/www.norsknum.org\/wp-content\/plugins\/ultimate-social-media-icons\/images\/follow_subscribe.png\" \/><\/a><\/div><div class='sf_fb' style='text-align:left;vertical-align: middle;width:98px'><div class=\"fb-like\" href=\"https:\/\/www.norsknum.org\/?p=2818\" width=\"180\" send=\"false\" showfaces=\"false\"  action=\"like\" data-share=\"true\"data-layout=\"button\" ><\/div><\/div><div class='sf_twiter' style='text-align:left;float:left;vertical-align: middle;width:auto'><a href=\"http:\/\/twitter.com\/share\" data-count=\"none\" class=\"sr-twitter-button twitter-share-button\" lang=\"en\" data-url=\"https:\/\/www.norsknum.org\/?p=2818\" data-text=\"Julem\u00f8tet den 10. desember er avlyst!\" ><\/a><\/div><\/div><\/div>\t<\/div>\n\n\t<!--\tThis outputs the post META information -->\n\t<div class=\"entry-utility\">\n\t\t\t\t\t<span class=\"cat-links\">\n\t\t\t\t<span class=\"entry-utility-prep entry-utility-prep-cat-links\">Posted in<\/span> <a href=\"https:\/\/www.norsknum.org\/?cat=5\" rel=\"category\">Aktuelt fra NNF<\/a>, <a href=\"https:\/\/www.norsknum.org\/?cat=6\" rel=\"category\">Forside<\/a>, <a href=\"https:\/\/www.norsknum.org\/?cat=10\" rel=\"category\">Meddelelser<\/a>\t\t\t<\/span>\n\t\t\t<span class=\"meta-sep\">|<\/span>\n\t\t\t\t\t\t<span class=\"comments-link\"><span>Kommentarer er skrudd av<span class=\"screen-reader-text\"> for Julem\u00f8tet den 10. desember er avlyst!<\/span><\/span><\/span>\n\t\t\t<\/div>\n<\/div>\n<!-- \/\/ Post Wrap End -->\n\n<!-- NOTE: If you need to make changes to this file, copy it to your current theme's main\n\tdirectory so your changes won't be overwritten when the plugin is upgraded. -->\n\n<!-- Post Wrap Start-->\n<div class=\"post hentry ivycat-post\">\n\t\n\t<!-- \tThis outputs the post TITLE -->\n\t<h2 class=\"entry-title\"><a href=\"https:\/\/www.norsknum.org\/?p=2290\">Avlysning av \u00e5rsm\u00f8tet 31. mars<\/a><\/h2>\n\n\t<!-- \tThis outputs the post EXCERPT.  To display full content including images and html, \n\t\treplace the_excerpt(); with the_content();  below. -->\n\t<div class=\"entry-summary\">\n\t\t\n<p><strong>Pga. all uro i forbindelse coronatrusselen og de mange oppfordringer fra myndighetene i den forbindelse har styret besluttet at det planlagte \u00e5rsm\u00f8tet\/medlemsm\u00f8tet 31. mars m\u00e5 utg\u00e5.<\/strong><\/p>\n\n\n\n<p><strong>\u00c5rsm\u00f8tet utsettes forel\u00f8pig til v\u00e5rt planlagte aprilm\u00f8te, alts\u00e5 tirsdag 28. april. &nbsp;<\/strong><\/p>\n<div class='sfsi_Sicons' style='width: 100%; display: inline-block; vertical-align: middle; text-align:left'><div style='margin:0px 8px 0px 0px; line-height: 24px'><span>F\u00f8lg og lik! =)<\/span><\/div><div class='sfsi_socialwpr'><div class='sf_subscrbe' style='text-align:left;vertical-align: middle;float:left;width:64px'><a href=\"http:\/\/www.specificfeeds.com\/widgets\/emailSubscribeEncFeed\/bzdLMEVQczltUDF5SThnYlJHcG9jRktNMFpMTjRGN1Z0bC92QTRKc25OSHVyNnpuV29SdXVKeitQbEx4WVAyYUFvam1MTm1naHlGc28rSDd3ajBPNk1Xc2RkVVZmWVNQdVlsQTU2ZThWa3pxRTNMbGxRd0tCenA1ZTZEaW1XNlZ8VU1TSXBhcURwV2RaeGxqSjZmOStHcHVSNXVpbVMrUnRnZTdDZjBoWTYvYz0=\/OA==\/\" target=\"_blank\"><img src=\"https:\/\/www.norsknum.org\/wp-content\/plugins\/ultimate-social-media-icons\/images\/follow_subscribe.png\" \/><\/a><\/div><div class='sf_fb' style='text-align:left;vertical-align: middle;width:98px'><div class=\"fb-like\" href=\"https:\/\/www.norsknum.org\/?p=2290\" width=\"180\" send=\"false\" showfaces=\"false\"  action=\"like\" data-share=\"true\"data-layout=\"button\" ><\/div><\/div><div class='sf_twiter' style='text-align:left;float:left;vertical-align: middle;width:auto'><a href=\"http:\/\/twitter.com\/share\" data-count=\"none\" class=\"sr-twitter-button twitter-share-button\" lang=\"en\" data-url=\"https:\/\/www.norsknum.org\/?p=2290\" data-text=\"Avlysning av \u00e5rsm\u00f8tet 31. mars\" ><\/a><\/div><\/div><\/div>\t<\/div>\n\n\t<!--\tThis outputs the post META information -->\n\t<div class=\"entry-utility\">\n\t\t\t\t\t<span class=\"cat-links\">\n\t\t\t\t<span class=\"entry-utility-prep entry-utility-prep-cat-links\">Posted in<\/span> <a href=\"https:\/\/www.norsknum.org\/?cat=10\" rel=\"category\">Meddelelser<\/a>\t\t\t<\/span>\n\t\t\t<span class=\"meta-sep\">|<\/span>\n\t\t\t\t\t\t<span class=\"comments-link\"><span>Kommentarer er skrudd av<span class=\"screen-reader-text\"> for Avlysning av \u00e5rsm\u00f8tet 31. mars<\/span><\/span><\/span>\n\t\t\t<\/div>\n<\/div>\n<!-- \/\/ Post Wrap End -->\n\n<!-- NOTE: If you need to make changes to this file, copy it to your current theme's main\n\tdirectory so your changes won't be overwritten when the plugin is upgraded. -->\n\n<!-- Post Wrap Start-->\n<div class=\"post hentry ivycat-post\">\n\t\n\t<!-- \tThis outputs the post TITLE -->\n\t<h2 class=\"entry-title\"><a href=\"https:\/\/www.norsknum.org\/?p=1180\">INNKALLING TIL GENERALFORSAMLING I NNF 2018<\/a><\/h2>\n\n\t<!-- \tThis outputs the post EXCERPT.  To display full content including images and html, \n\t\treplace the_excerpt(); with the_content();  below. -->\n\t<div class=\"entry-summary\">\n\t\t<p>Innkalling til generalforsamling i Norsk Numismatisk Forening tirsdag 20. mars 2118,<br \/>\nkl. 19:00 i auditoriet i 1. etasje hos SpareBank 1 Markets, Olav Vs gt. 5 (Wilhelmsenbygget)<br \/>\n0161 Oslo.<\/p>\n<p>Generalforsamlingen settes med f\u00f8lgende dagsorden:<\/p>\n<p>1.\tValg av m\u00f8teleder.<br \/>\n2.\tValg av referent.<br \/>\n3.\t\u00c5rsberetning.<br \/>\n4.\tRegnskap.<br \/>\n5.\tValg av styremedlemmer. F\u00f8lgende tillitsmenn er p\u00e5 valg:<br \/>\nFormannen, Carl Henrik St\u00f8rmer.<br \/>\n                  Styremedlemmene Arne Riise, Olav E. Klingenberg og kasserer Arild Moen<br \/>\n                  Pedersen.<br \/>\n6.\tValg av revisor for ett \u00e5r, Rune Rysstad er p\u00e5 valg.<br \/>\n7.\tValgkomit\u00e9. Valgkomit\u00e9en best\u00e5r n\u00e5 av Guttorm Egge, Bernt Bertelsen og<br \/>\nChristian Pedersen.  Ingen er p\u00e5 valg.<br \/>\n8.\tFastsettelse av kontingent for 2019. Styret foresl\u00e5r uendret kontingent kr. 500.<br \/>\n9.\tEventuelle andre innkomne forslag.<\/p>\n<p>Det vil etter generalforsamlingen bli avholdt vanlig medlemsm\u00f8te med foredrag og auksjon.<\/p>\n<p>\u00c5rsberetning og regnskap vil bli utlagt p\u00e5 v\u00e5re hjemmesider \u201dnorsknum.org\u201d s\u00e5 snart de er behandlet av styret.<\/p>\n<p>Styret<\/p>\n<div class='sfsi_Sicons' style='width: 100%; display: inline-block; vertical-align: middle; text-align:left'>\n<div style='margin:0px 8px 0px 0px; line-height: 24px'><span>F\u00f8lg og lik! =)<\/span><\/div>\n<div class='sfsi_socialwpr'>\n<div class='sf_subscrbe' style='text-align:left;vertical-align: middle;float:left;width:64px'><a href=\"http:\/\/www.specificfeeds.com\/widgets\/emailSubscribeEncFeed\/bzdLMEVQczltUDF5SThnYlJHcG9jRktNMFpMTjRGN1Z0bC92QTRKc25OSHVyNnpuV29SdXVKeitQbEx4WVAyYUFvam1MTm1naHlGc28rSDd3ajBPNk1Xc2RkVVZmWVNQdVlsQTU2ZThWa3pxRTNMbGxRd0tCenA1ZTZEaW1XNlZ8VU1TSXBhcURwV2RaeGxqSjZmOStHcHVSNXVpbVMrUnRnZTdDZjBoWTYvYz0=\/OA==\/\" target=\"_blank\"><img src=\"https:\/\/www.norsknum.org\/wp-content\/plugins\/ultimate-social-media-icons\/images\/follow_subscribe.png\" \/><\/a><\/div>\n<div class='sf_fb' style='text-align:left;vertical-align: middle;width:98px'>\n<div class=\"fb-like\" href=\"https:\/\/www.norsknum.org\/?p=1180\" width=\"180\" send=\"false\" showfaces=\"false\"  action=\"like\" data-share=\"true\"data-layout=\"button\" ><\/div>\n<\/div>\n<div class='sf_twiter' style='text-align:left;float:left;vertical-align: middle;width:auto'><a href=\"http:\/\/twitter.com\/share\" data-count=\"none\" class=\"sr-twitter-button twitter-share-button\" lang=\"en\" data-url=\"https:\/\/www.norsknum.org\/?p=1180\" data-text=\"INNKALLING TIL GENERALFORSAMLING I NNF 2018\" ><\/a><\/div>\n<\/div>\n<\/div>\n\t<\/div>\n\n\t<!--\tThis outputs the post META information -->\n\t<div class=\"entry-utility\">\n\t\t\t\t\t<span class=\"cat-links\">\n\t\t\t\t<span class=\"entry-utility-prep entry-utility-prep-cat-links\">Posted in<\/span> <a href=\"https:\/\/www.norsknum.org\/?cat=6\" rel=\"category\">Forside<\/a>, <a href=\"https:\/\/www.norsknum.org\/?cat=10\" rel=\"category\">Meddelelser<\/a>\t\t\t<\/span>\n\t\t\t<span class=\"meta-sep\">|<\/span>\n\t\t\t\t\t\t<span class=\"comments-link\"><span>Kommentarer er skrudd av<span class=\"screen-reader-text\"> for INNKALLING TIL GENERALFORSAMLING I NNF 2018<\/span><\/span><\/span>\n\t\t\t<\/div>\n<\/div>\n<!-- \/\/ Post Wrap End -->\n\n<!-- NOTE: If you need to make changes to this file, copy it to your current theme's main\n\tdirectory so your changes won't be overwritten when the plugin is upgraded. -->\n\n<!-- Post Wrap Start-->\n<div class=\"post hentry ivycat-post\">\n\t\n\t<!-- \tThis outputs the post TITLE -->\n\t<h2 class=\"entry-title\"><a href=\"https:\/\/www.norsknum.org\/?p=738\">KJELL RUUD IN MEMORIAM<\/a><\/h2>\n\n\t<!-- \tThis outputs the post EXCERPT.  To display full content including images and html, \n\t\treplace the_excerpt(); with the_content();  below. -->\n\t<div class=\"entry-summary\">\n\t\t<p><div id=\"attachment_739\" style=\"width: 234px\" class=\"wp-caption alignleft\"><a href=\"https:\/\/www.norsknum.org\/wp-content\/uploads\/2015\/01\/C99A0183-versjon-2.jpg\"><img aria-describedby=\"caption-attachment-739\" decoding=\"async\" loading=\"lazy\" src=\"https:\/\/www.norsknum.org\/wp-content\/uploads\/2015\/01\/C99A0183-versjon-2-224x300.jpg\" alt=\"KJELL RUUD IN MEMORIAM\" width=\"224\" height=\"300\" class=\"size-medium wp-image-739\" srcset=\"https:\/\/www.norsknum.org\/wp-content\/uploads\/2015\/01\/C99A0183-versjon-2-224x300.jpg 224w, https:\/\/www.norsknum.org\/wp-content\/uploads\/2015\/01\/C99A0183-versjon-2-765x1024.jpg 765w\" sizes=\"(max-width: 224px) 100vw, 224px\" \/><\/a><p id=\"caption-attachment-739\" class=\"wp-caption-text\">KJELL RUUD IN MEMORIAM<\/p><\/div><\/p>\n<p>\u00c6resmedlem i NNF, Kjell Ruud, gikk bort 27. desember 2014. 70 \u00e5r gammelt sviktet hjertet.<\/p>\n<p>I sitt sivile liv var Kjell l\u00e6rer, med historie som ett av sine fag, og det var kanskje nettopp<br \/>\nsom historieformidler vi kjenner ham. Han har holdt utallige foredrag i NNF og andre numismatiske fora, med ett spenn fra antikkens mynt til 2.verdenskrigs ekte og falske betalingsmidler, via engelsk renessanse, fransk revolusjon og Napoleon, samt tysk inflasjons\u00f8konomi \u2013 for \u00e5 nevne noe. Bredden i emnevalget hadde sammenheng med hans mangslungne samlerinteresser.<\/p>\n<p>Kjell kom inn i foreningen i 1962. Han var aldri i styret, men var i alle \u00e5r en \u201dhjelper\u201d, en som tro til n\u00e5r det trengtes. Hans mest formelle verv var som auksjonsforvalter fra 1980 til 2005, og n\u00e5 igjen fra 2012. Han har v\u00e6rt formann ONF. Mange vil ogs\u00e5 huske ham som fast medarrang\u00f8r ved tidligere Oslo Mynthandels auksjoner og messer fra 1980 til 2007, mannen med pokerfjeset bak computeren som skjulte alle forh\u00e5ndsbudene. De som arbeidet sammen med ham visste at han var n\u00f8ye, pliktoppfyllende \u2013 og \u2013 alltid til \u00e5 stole p\u00e5.<br \/>\nHan kunne ha et barskt ytre og knapp uttrykksform, men bak dette skjulte det seg meget humor og t\u00f8rrvittige bemerkninger. <\/p>\n<p>Han kunne mer enn mynt, sportsinteressert (med samling av autografer herfra som \u201dsidehobby\u201d) han kunne trylle, og har v\u00e6rt aktiv i curling. Men i NNF vil vi huske ham som mannen med enorm numismatisk kunnskap, ikke bare om myntene \u2013 men personene og historiene bak disse. Og myntens kj\u00f8pekraft kunne v\u00e6re like viktig som portrettet p\u00e5 adversen. <\/p>\n<p>Vi minnes Kjell med stor takknemlighet for at han ville dele sin kunnskap og arbeidskapasitet med oss. V\u00e5re tanker g\u00e5r til hans kone Berit og datter Lene.<\/p>\n<p>For Norsk Numismatisk Forening<br \/>\nCarl Henrik St\u00f8rmer<\/p>\n<div class='sfsi_Sicons' style='width: 100%; display: inline-block; vertical-align: middle; text-align:left'>\n<div style='margin:0px 8px 0px 0px; line-height: 24px'><span>F\u00f8lg og lik! =)<\/span><\/div>\n<div class='sfsi_socialwpr'>\n<div class='sf_subscrbe' style='text-align:left;vertical-align: middle;float:left;width:64px'><a href=\"http:\/\/www.specificfeeds.com\/widgets\/emailSubscribeEncFeed\/bzdLMEVQczltUDF5SThnYlJHcG9jRktNMFpMTjRGN1Z0bC92QTRKc25OSHVyNnpuV29SdXVKeitQbEx4WVAyYUFvam1MTm1naHlGc28rSDd3ajBPNk1Xc2RkVVZmWVNQdVlsQTU2ZThWa3pxRTNMbGxRd0tCenA1ZTZEaW1XNlZ8VU1TSXBhcURwV2RaeGxqSjZmOStHcHVSNXVpbVMrUnRnZTdDZjBoWTYvYz0=\/OA==\/\" target=\"_blank\"><img src=\"https:\/\/www.norsknum.org\/wp-content\/plugins\/ultimate-social-media-icons\/images\/follow_subscribe.png\" \/><\/a><\/div>\n<div class='sf_fb' style='text-align:left;vertical-align: middle;width:98px'>\n<div class=\"fb-like\" href=\"https:\/\/www.norsknum.org\/?p=738\" width=\"180\" send=\"false\" showfaces=\"false\"  action=\"like\" data-share=\"true\"data-layout=\"button\" ><\/div>\n<\/div>\n<div class='sf_twiter' style='text-align:left;float:left;vertical-align: middle;width:auto'><a href=\"http:\/\/twitter.com\/share\" data-count=\"none\" class=\"sr-twitter-button twitter-share-button\" lang=\"en\" data-url=\"https:\/\/www.norsknum.org\/?p=738\" data-text=\"KJELL RUUD IN MEMORIAM\" ><\/a><\/div>\n<\/div>\n<\/div>\n\t<\/div>\n\n\t<!--\tThis outputs the post META information -->\n\t<div class=\"entry-utility\">\n\t\t\t\t\t<span class=\"cat-links\">\n\t\t\t\t<span class=\"entry-utility-prep entry-utility-prep-cat-links\">Posted in<\/span> <a href=\"https:\/\/www.norsknum.org\/?cat=10\" rel=\"category\">Meddelelser<\/a>\t\t\t<\/span>\n\t\t\t<span class=\"meta-sep\">|<\/span>\n\t\t\t\t\t\t<span class=\"comments-link\"><span>Kommentarer er skrudd av<span class=\"screen-reader-text\"> for KJELL RUUD IN MEMORIAM<\/span><\/span><\/span>\n\t\t\t<\/div>\n<\/div>\n<!-- \/\/ Post Wrap End -->\n\n<!-- NOTE: If you need to make changes to this file, copy it to your current theme's main\n\tdirectory so your changes won't be overwritten when the plugin is upgraded. -->\n\n<!-- Post Wrap Start-->\n<div class=\"post hentry ivycat-post\">\n\t\n\t<!-- \tThis outputs the post TITLE -->\n\t<h2 class=\"entry-title\"><a href=\"https:\/\/www.norsknum.org\/?p=681\">Bj\u00f8rnstadmedaljen til Kjetil Kvist<\/a><\/h2>\n\n\t<!-- \tThis outputs the post EXCERPT.  To display full content including images and html, \n\t\treplace the_excerpt(); with the_content();  below. -->\n\t<div class=\"entry-summary\">\n\t\t<p>I medlemsm\u00f8tet 26. august ble Kjetil Kvist tildelt Bj\u00f8rnstadmedaljen.<br \/>\nUtmerkelsen ble begrunnet med Kjetils lange innsats som artikkelforfatter og foredragsholder.<br \/>\nKjetil har kvittert med \u00e5 p\u00e5ta seg ansvaret for foreningens nyopprettede facebookside.<\/p>\n<div class='sfsi_Sicons' style='width: 100%; display: inline-block; vertical-align: middle; text-align:left'>\n<div style='margin:0px 8px 0px 0px; line-height: 24px'><span>F\u00f8lg og lik! =)<\/span><\/div>\n<div class='sfsi_socialwpr'>\n<div class='sf_subscrbe' style='text-align:left;vertical-align: middle;float:left;width:64px'><a href=\"http:\/\/www.specificfeeds.com\/widgets\/emailSubscribeEncFeed\/bzdLMEVQczltUDF5SThnYlJHcG9jRktNMFpMTjRGN1Z0bC92QTRKc25OSHVyNnpuV29SdXVKeitQbEx4WVAyYUFvam1MTm1naHlGc28rSDd3ajBPNk1Xc2RkVVZmWVNQdVlsQTU2ZThWa3pxRTNMbGxRd0tCenA1ZTZEaW1XNlZ8VU1TSXBhcURwV2RaeGxqSjZmOStHcHVSNXVpbVMrUnRnZTdDZjBoWTYvYz0=\/OA==\/\" target=\"_blank\"><img src=\"https:\/\/www.norsknum.org\/wp-content\/plugins\/ultimate-social-media-icons\/images\/follow_subscribe.png\" \/><\/a><\/div>\n<div class='sf_fb' style='text-align:left;vertical-align: middle;width:98px'>\n<div class=\"fb-like\" href=\"https:\/\/www.norsknum.org\/?p=681\" width=\"180\" send=\"false\" showfaces=\"false\"  action=\"like\" data-share=\"true\"data-layout=\"button\" ><\/div>\n<\/div>\n<div class='sf_twiter' style='text-align:left;float:left;vertical-align: middle;width:auto'><a href=\"http:\/\/twitter.com\/share\" data-count=\"none\" class=\"sr-twitter-button twitter-share-button\" lang=\"en\" data-url=\"https:\/\/www.norsknum.org\/?p=681\" data-text=\"Bj\u00f8rnstadmedaljen til Kjetil Kvist\" ><\/a><\/div>\n<\/div>\n<\/div>\n\t<\/div>\n\n\t<!--\tThis outputs the post META information -->\n\t<div class=\"entry-utility\">\n\t\t\t\t\t<span class=\"cat-links\">\n\t\t\t\t<span class=\"entry-utility-prep entry-utility-prep-cat-links\">Posted in<\/span> <a href=\"https:\/\/www.norsknum.org\/?cat=5\" rel=\"category\">Aktuelt fra NNF<\/a>, <a href=\"https:\/\/www.norsknum.org\/?cat=10\" rel=\"category\">Meddelelser<\/a>, <a href=\"https:\/\/www.norsknum.org\/?cat=7\" rel=\"category\">Om medlemsm\u00f8tene<\/a>\t\t\t<\/span>\n\t\t\t<span class=\"meta-sep\">|<\/span>\n\t\t\t\t\t\t<span class=\"comments-link\"><span>Kommentarer er skrudd av<span class=\"screen-reader-text\"> for Bj\u00f8rnstadmedaljen til Kjetil Kvist<\/span><\/span><\/span>\n\t\t\t<\/div>\n<\/div>\n<!-- \/\/ Post Wrap End -->\n\n<div class='sfsi_Sicons' style='width: 100%; display: inline-block; vertical-align: middle; text-align:left'><div style='margin:0px 8px 0px 0px; line-height: 24px'><span>F\u00f8lg og lik! =)<\/span><\/div><div class='sfsi_socialwpr'><div class='sf_subscrbe' style='text-align:left;vertical-align: middle;float:left;width:64px'><a href=\"http:\/\/www.specificfeeds.com\/widgets\/emailSubscribeEncFeed\/bzdLMEVQczltUDF5SThnYlJHcG9jRktNMFpMTjRGN1Z0bC92QTRKc25OSHVyNnpuV29SdXVKeitQbEx4WVAyYUFvam1MTm1naHlGc28rSDd3ajBPNk1Xc2RkVVZmWVNQdVlsQTU2ZThWa3pxRTNMbGxRd0tCenA1ZTZEaW1XNlZ8VU1TSXBhcURwV2RaeGxqSjZmOStHcHVSNXVpbVMrUnRnZTdDZjBoWTYvYz0=\/OA==\/\" target=\"_blank\"><img src=\"https:\/\/www.norsknum.org\/wp-content\/plugins\/ultimate-social-media-icons\/images\/follow_subscribe.png\" \/><\/a><\/div><div class='sf_fb' style='text-align:left;vertical-align: middle;width:98px'><div class=\"fb-like\" href=\"https:\/\/www.norsknum.org\/?page_id=26\" width=\"180\" send=\"false\" showfaces=\"false\"  action=\"like\" data-share=\"true\"data-layout=\"button\" ><\/div><\/div><div class='sf_twiter' style='text-align:left;float:left;vertical-align: middle;width:auto'><a href=\"http:\/\/twitter.com\/share\" data-count=\"none\" class=\"sr-twitter-button twitter-share-button\" lang=\"en\" data-url=\"https:\/\/www.norsknum.org\/?page_id=26\" data-text=\"Meddelelser\" ><\/a><\/div><\/div><\/div>","protected":false},"excerpt":{"rendered":"<p>F\u00f8lg og lik! =)<\/p>\n","protected":false},"author":1,"featured_media":0,"parent":2,"menu_order":0,"comment_status":"closed","ping_status":"open","template":"","meta":[],"_links":{"self":[{"href":"https:\/\/www.norsknum.org\/index.php?rest_route=\/wp\/v2\/pages\/26"}],"collection":[{"href":"https:\/\/www.norsknum.org\/index.php?rest_route=\/wp\/v2\/pages"}],"about":[{"href":"https:\/\/www.norsknum.org\/index.php?rest_route=\/wp\/v2\/types\/page"}],"author":[{"embeddable":true,"href":"https:\/\/www.norsknum.org\/index.php?rest_route=\/wp\/v2\/users\/1"}],"replies":[{"embeddable":true,"href":"https:\/\/www.norsknum.org\/index.php?rest_route=%2Fwp%2Fv2%2Fcomments&post=26"}],"version-history":[{"count":2,"href":"https:\/\/www.norsknum.org\/index.php?rest_route=\/wp\/v2\/pages\/26\/revisions"}],"predecessor-version":[{"id":314,"href":"https:\/\/www.norsknum.org\/index.php?rest_route=\/wp\/v2\/pages\/26\/revisions\/314"}],"up":[{"embeddable":true,"href":"https:\/\/www.norsknum.org\/index.php?rest_route=\/wp\/v2\/pages\/2"}],"wp:attachment":[{"href":"https:\/\/www.norsknum.org\/index.php?rest_route=%2Fwp%2Fv2%2Fmedia&parent=26"}],"curies":[{"name":"wp","href":"https:\/\/api.w.org\/{rel}","templated":true}]}}